{"id":1761,"date":"2021-10-06T12:03:51","date_gmt":"2021-10-06T10:03:51","guid":{"rendered":"https:\/\/nouslesambitieuses.com\/?page_id=1761"},"modified":"2025-06-12T23:49:17","modified_gmt":"2025-06-12T21:49:17","slug":"missionjeunesse","status":"publish","type":"page","link":"https:\/\/nouslesambitieuses.com\/index.php\/missionjeunesse\/","title":{"rendered":"Concours Mission Jeunesse"},"content":{"rendered":"<p>[et_pb_section fb_built=&#8221;1&#8243; _builder_version=&#8221;4.21.0&#8243; _module_preset=&#8221;default&#8221; min_height=&#8221;370px&#8221; custom_margin=&#8221;||2px|||&#8221; custom_padding=&#8221;||12px|||&#8221; global_colors_info=&#8221;{}&#8221;][et_pb_row _builder_version=&#8221;4.21.0&#8243; _module_preset=&#8221;default&#8221; custom_margin=&#8221;40px|auto||auto||&#8221; global_colors_info=&#8221;{}&#8221;][et_pb_column type=&#8221;4_4&#8243; _builder_version=&#8221;4.21.0&#8243; _module_preset=&#8221;default&#8221; global_colors_info=&#8221;{}&#8221;][et_pb_text _builder_version=&#8221;4.21.0&#8243; _module_preset=&#8221;default&#8221; background_color=&#8221;#E02B20&#8243; use_background_color_gradient=&#8221;on&#8221; background_color_gradient_direction=&#8221;360deg&#8221; background_color_gradient_stops=&#8221;#2967db 44%|#164bad 100%&#8221; background_color_gradient_start=&#8221;#2967db&#8221; background_color_gradient_start_position=&#8221;44%&#8221; background_color_gradient_end=&#8221;#164bad&#8221; custom_margin=&#8221;-6px||||false|false&#8221; custom_padding=&#8221;4px||||false|false&#8221; global_colors_info=&#8221;{}&#8221;][\/et_pb_text][et_pb_text _builder_version=&#8221;4.21.0&#8243; _module_preset=&#8221;default&#8221; text_font_size=&#8221;27px&#8221; header_font_size=&#8221;26px&#8221; module_alignment=&#8221;center&#8221; custom_margin=&#8221;-3px|||||&#8221; global_colors_info=&#8221;{}&#8221;]<\/p>\n<h1 style=\"text-align: center;\"><span style=\"color: #333399;\"><strong>Mission Jeunesse<\/strong><\/span><\/h1>\n<h4 style=\"text-align: center;\"><span style=\"color: #333399;\">4\u00e8me \u00e9dition, concours d&#8217;\u00e9criture et de dessin<\/span><\/h4>\n<h1 class=\"et_pb_module_header et-fb-editable-element et-fb-editable-element__editing\" data-shortcode-id=\"1.0-1695063117658\" data-quickaccess-id=\"title\" contenteditable=\"true\" style=\"text-align: center;\"><strong><span style=\"color: #333399;\">Pr\u00e9servons nos Ressources, Ambitions Citoyennes et Environnementales !<\/span><\/strong><\/h1>\n<p>[\/et_pb_text][et_pb_text _builder_version=&#8221;4.16&#8243; _module_preset=&#8221;default&#8221; background_color=&#8221;#0c71c3&#8243; use_background_color_gradient=&#8221;on&#8221; background_color_gradient_direction=&#8221;360deg&#8221; background_color_gradient_stops=&#8221;#2967db 44%|#164bad 100%&#8221; background_color_gradient_start=&#8221;#2967db&#8221; background_color_gradient_start_position=&#8221;44%&#8221; background_color_gradient_end=&#8221;#164bad&#8221; custom_margin=&#8221;-6px||||false|false&#8221; custom_padding=&#8221;4px||||false|false&#8221; global_colors_info=&#8221;{}&#8221;][\/et_pb_text][\/et_pb_column][\/et_pb_row][et_pb_row _builder_version=&#8221;4.21.0&#8243; _module_preset=&#8221;default&#8221;][et_pb_column _builder_version=&#8221;4.21.0&#8243; _module_preset=&#8221;default&#8221; type=&#8221;4_4&#8243;][et_pb_video src=&#8221;https:\/\/nouslesambitieuses.com\/wp-content\/uploads\/2025\/06\/resultats-100-laureats-gare.mp4&#8243; _builder_version=&#8221;4.21.0&#8243; _module_preset=&#8221;default&#8221; title_text=&#8221;resultats 100 laureats gare&#8221; hover_enabled=&#8221;0&#8243; sticky_enabled=&#8221;0&#8243;][\/et_pb_video][\/et_pb_column][\/et_pb_row][\/et_pb_section][et_pb_section fb_built=&#8221;1&#8243; admin_label=&#8221;About&#8221; _builder_version=&#8221;4.16&#8243; custom_padding=&#8221;0px||3px|||&#8221; global_colors_info=&#8221;{}&#8221;][et_pb_row _builder_version=&#8221;4.21.0&#8243; _module_preset=&#8221;default&#8221; custom_margin=&#8221;-78px|auto||auto||&#8221; custom_padding=&#8221;0px|||||&#8221; global_colors_info=&#8221;{}&#8221;][et_pb_column type=&#8221;4_4&#8243; _builder_version=&#8221;4.21.0&#8243; _module_preset=&#8221;default&#8221; global_colors_info=&#8221;{}&#8221;][et_pb_video src=&#8221;https:\/\/nouslesambitieuses.com\/wp-content\/uploads\/2025\/03\/2025-concours-Prince-Publication-Instagram-6.mov&#8221; image_src=&#8221;https:\/\/nouslesambitieuses.com\/wp-content\/uploads\/2023\/09\/Capture-decran-2023-09-18-a-20.52.40.png&#8221; _builder_version=&#8221;4.21.0&#8243; _module_preset=&#8221;default&#8221; custom_margin=&#8221;18px|||||&#8221; global_colors_info=&#8221;{}&#8221;][\/et_pb_video][\/et_pb_column][\/et_pb_row][et_pb_row column_structure=&#8221;1_2,1_2&#8243; _builder_version=&#8221;4.21.0&#8243; _module_preset=&#8221;default&#8221; global_colors_info=&#8221;{}&#8221;][et_pb_column type=&#8221;1_2&#8243; _builder_version=&#8221;4.21.0&#8243; _module_preset=&#8221;default&#8221; global_colors_info=&#8221;{}&#8221;][et_pb_image src=&#8221;https:\/\/nouslesambitieuses.com\/wp-content\/uploads\/2024\/12\/Capture-decran-2024-12-02-a-14.29.00.png&#8221; title_text=&#8221;Capture d\u2019e\u0301cran 2024-12-02 a\u0300 14.29.00&#8243; _builder_version=&#8221;4.21.0&#8243; _module_preset=&#8221;default&#8221; global_colors_info=&#8221;{}&#8221;][\/et_pb_image][\/et_pb_column][et_pb_column type=&#8221;1_2&#8243; _builder_version=&#8221;4.21.0&#8243; _module_preset=&#8221;default&#8221; global_colors_info=&#8221;{}&#8221;][et_pb_text _builder_version=&#8221;4.21.0&#8243; _module_preset=&#8221;default&#8221; text_orientation=&#8221;center&#8221; module_alignment=&#8221;center&#8221; custom_padding=&#8221;174px|||||&#8221; global_colors_info=&#8221;{}&#8221;]<\/p>\n<h1 style=\"text-align: center;\"><strong>Nous Les Ambitieuses ! s&#8217;associent \u00e0 Zeneduc pour promouvoir le concours !<\/strong><\/h1>\n<p><strong><\/strong><\/p>\n<p><strong><\/strong><\/p>\n<h2 style=\"text-align: center;\"><a href=\"https:\/\/www.zeneduc.com\/concours\">https:\/\/www.zeneduc.com\/concours<\/a><\/h2>\n<p>[\/et_pb_text][\/et_pb_column][\/et_pb_row][et_pb_row _builder_version=&#8221;4.21.0&#8243; _module_preset=&#8221;default&#8221; global_colors_info=&#8221;{}&#8221;][et_pb_column type=&#8221;4_4&#8243; _builder_version=&#8221;4.21.0&#8243; _module_preset=&#8221;default&#8221; global_colors_info=&#8221;{}&#8221;][et_pb_text _builder_version=&#8221;4.21.0&#8243; _module_preset=&#8221;default&#8221; text_font_size=&#8221;8px&#8221; text_line_height=&#8221;1.6em&#8221; header_font_size=&#8221;26px&#8221; background_color=&#8221;RGBA(255,255,255,0)&#8221; text_orientation=&#8221;center&#8221; custom_margin=&#8221;0px||||false|false&#8221; link_option_url=&#8221;https:\/\/nouslesambitieuses.com\/wp-content\/uploads\/2024\/10\/mission-jeunesse-dossier-2024_2025.pdf&#8221; border_width_all=&#8221;6px&#8221; border_color_all=&#8221;#E02B20&#8243; global_colors_info=&#8221;{}&#8221;]<\/p>\n<h1 style=\"text-align: center;\"><span style=\"color: #ff0000;\"><strong>Tout savoir sur le concours, d\u00e9couvrez notre dossier d&#8217;accompagnement<\/strong><\/span><\/h1>\n<p>[\/et_pb_text][et_pb_text _builder_version=&#8221;4.21.0&#8243; _module_preset=&#8221;default&#8221; text_font=&#8221;||on||||||&#8221; text_font_size=&#8221;38px&#8221; text_orientation=&#8221;center&#8221; link_option_url=&#8221;https:\/\/unesco.delegfrance.org\/L-association-Nous-les-Ambitieuses-organise-la-4eme-edition-du-concours&#8221; global_colors_info=&#8221;{}&#8221;]<\/p>\n<p>D\u00e9couvrez notre concours via l&#8217;UNESCO<\/p>\n<p>[\/et_pb_text][\/et_pb_column][\/et_pb_row][et_pb_row column_structure=&#8221;1_2,1_2&#8243; _builder_version=&#8221;4.21.0&#8243; _module_preset=&#8221;default&#8221; global_colors_info=&#8221;{}&#8221;][et_pb_column type=&#8221;1_2&#8243; _builder_version=&#8221;4.21.0&#8243; _module_preset=&#8221;default&#8221; global_colors_info=&#8221;{}&#8221;][dsm_perspective_image src=&#8221;https:\/\/nouslesambitieuses.com\/wp-content\/uploads\/2023\/09\/mission-jeunesse-a-jour-1re-page_Page_01-scaled.jpg&#8221; title_text=&#8221;mission jeunesse a\u0300 jour 1re page_Page_01&#8243; url=&#8221;https:\/\/nouslesambitieuses.com\/wp-content\/uploads\/2025\/04\/mission-jeunesse-dossier-2024_2025.pdf&#8221; align=&#8221;center&#8221; _builder_version=&#8221;4.21.0&#8243; _module_preset=&#8221;default&#8221; width=&#8221;100%&#8221; global_colors_info=&#8221;{}&#8221;][\/dsm_perspective_image][\/et_pb_column][et_pb_column type=&#8221;1_2&#8243; _builder_version=&#8221;4.21.0&#8243; _module_preset=&#8221;default&#8221; global_colors_info=&#8221;{}&#8221;][dsm_perspective_image src=&#8221;https:\/\/nouslesambitieuses.com\/wp-content\/uploads\/2024\/10\/Capture-decran-2024-10-22-a-17.57.13.png&#8221; title_text=&#8221;Capture d\u2019e\u0301cran 2024-10-22 a\u0300 17.57.13&#8243; url=&#8221;https:\/\/nouslesambitieuses.com\/wp-content\/uploads\/2025\/04\/mission-jeunesse-English-2024_2025-copie.pdf&#8221; align=&#8221;center&#8221; _builder_version=&#8221;4.21.0&#8243; _module_preset=&#8221;default&#8221; width=&#8221;100%&#8221; global_colors_info=&#8221;{}&#8221;][\/dsm_perspective_image][\/et_pb_column][\/et_pb_row][et_pb_row _builder_version=&#8221;4.21.0&#8243; _module_preset=&#8221;default&#8221; global_colors_info=&#8221;{}&#8221;][et_pb_column type=&#8221;4_4&#8243; _builder_version=&#8221;4.21.0&#8243; _module_preset=&#8221;default&#8221; global_colors_info=&#8221;{}&#8221;][et_pb_code _builder_version=&#8221;4.21.0&#8243; _module_preset=&#8221;default&#8221; global_colors_info=&#8221;{}&#8221;]<script type=\"text\/javascript\" src=\"https:\/\/form.jotform.com\/jsform\/232186560057355\"><\/script>[\/et_pb_code][et_pb_video src=&#8221;https:\/\/nouslesambitieuses.com\/wp-content\/uploads\/2025\/03\/Copie-de-2025-concours-Prince-Publication-Instagram-1-2.mp4&#8243; _builder_version=&#8221;4.21.0&#8243; _module_preset=&#8221;default&#8221; width=&#8221;51%&#8221; max_width=&#8221;87%&#8221; module_alignment=&#8221;center&#8221; global_colors_info=&#8221;{}&#8221;][\/et_pb_video][dsm_perspective_image _builder_version=&#8221;4.21.0&#8243; _module_preset=&#8221;default&#8221; global_colors_info=&#8221;{}&#8221;][\/dsm_perspective_image][\/et_pb_column][\/et_pb_row][et_pb_row _builder_version=&#8221;4.21.0&#8243; _module_preset=&#8221;default&#8221; global_colors_info=&#8221;{}&#8221;][et_pb_column type=&#8221;4_4&#8243; _builder_version=&#8221;4.21.0&#8243; _module_preset=&#8221;default&#8221; global_colors_info=&#8221;{}&#8221;][et_pb_video src=&#8221;https:\/\/nouslesambitieuses.com\/wp-content\/uploads\/2024\/06\/Annonce-des-50-laureats-et-des-5-coups-de-coeur-du-Jury.mp4&#8243; _builder_version=&#8221;4.21.0&#8243; _module_preset=&#8221;default&#8221; width=&#8221;51%&#8221; module_alignment=&#8221;center&#8221; global_colors_info=&#8221;{}&#8221;][\/et_pb_video][\/et_pb_column][\/et_pb_row][et_pb_row _builder_version=&#8221;4.21.0&#8243; _module_preset=&#8221;default&#8221; global_colors_info=&#8221;{}&#8221;][et_pb_column type=&#8221;4_4&#8243; _builder_version=&#8221;4.21.0&#8243; _module_preset=&#8221;default&#8221; global_colors_info=&#8221;{}&#8221;][et_pb_image src=&#8221;https:\/\/nouslesambitieuses.com\/wp-content\/uploads\/2024\/06\/Capture-decran-2024-06-10-a-19.46.58.png&#8221; title_text=&#8221;Capture d\u2019e\u0301cran 2024-06-10 a\u0300 19.46.58&#8243; url=&#8221;https:\/\/nouslesambitieuses.com\/wp-content\/uploads\/2024\/06\/50-Laureats-2024.pdf&#8221; _builder_version=&#8221;4.21.0&#8243; _module_preset=&#8221;default&#8221; width=&#8221;48%&#8221; module_alignment=&#8221;center&#8221; global_colors_info=&#8221;{}&#8221;][\/et_pb_image][\/et_pb_column][\/et_pb_row][\/et_pb_section][et_pb_section fb_built=&#8221;1&#8243; admin_label=&#8221;Past Events&#8221; _builder_version=&#8221;4.16&#8243; custom_padding=&#8221;0px|||||&#8221; global_colors_info=&#8221;{}&#8221;][et_pb_row _builder_version=&#8221;4.16&#8243; _module_preset=&#8221;default&#8221; custom_padding=&#8221;0px|||||&#8221; global_colors_info=&#8221;{}&#8221;][et_pb_column type=&#8221;4_4&#8243; _builder_version=&#8221;4.16&#8243; _module_preset=&#8221;default&#8221; global_colors_info=&#8221;{}&#8221;][et_pb_text _builder_version=&#8221;4.16&#8243; _module_preset=&#8221;default&#8221; background_color=&#8221;#0c71c3&#8243; use_background_color_gradient=&#8221;on&#8221; background_color_gradient_direction=&#8221;360deg&#8221; background_color_gradient_stops=&#8221;#2967db 44%|#164bad 100%&#8221; background_color_gradient_start=&#8221;#2967db&#8221; background_color_gradient_start_position=&#8221;44%&#8221; background_color_gradient_end=&#8221;#164bad&#8221; custom_margin=&#8221;-6px||||false|false&#8221; custom_padding=&#8221;4px||||false|false&#8221; global_colors_info=&#8221;{}&#8221;][\/et_pb_text][et_pb_video src=&#8221;https:\/\/nouslesambitieuses.com\/wp-content\/uploads\/2024\/06\/Copie-de-Copie-de-Zoom-LB-monaco-1-1.mp4&#8243; _builder_version=&#8221;4.21.0&#8243; _module_preset=&#8221;default&#8221; global_colors_info=&#8221;{}&#8221;][\/et_pb_video][et_pb_video src=&#8221;https:\/\/nouslesambitieuses.com\/wp-content\/uploads\/2025\/04\/Zoom-Ballesta-mars_compressed.mp4&#8243; _builder_version=&#8221;4.21.0&#8243; _module_preset=&#8221;default&#8221; global_colors_info=&#8221;{}&#8221;][\/et_pb_video][et_pb_video src=&#8221;https:\/\/nouslesambitieuses.com\/wp-content\/uploads\/2024\/06\/Copie-de-Zoom-LB-monaco-1-1.mp4&#8243; _builder_version=&#8221;4.21.0&#8243; _module_preset=&#8221;default&#8221; global_colors_info=&#8221;{}&#8221;][\/et_pb_video][et_pb_video src=&#8221;https:\/\/nouslesambitieuses.com\/wp-content\/uploads\/2024\/06\/Frejus.mp4&#8243; _builder_version=&#8221;4.21.0&#8243; _module_preset=&#8221;default&#8221; global_colors_info=&#8221;{}&#8221;][\/et_pb_video][et_pb_video src=&#8221;https:\/\/nouslesambitieuses.com\/wp-content\/uploads\/2024\/06\/ZOOM-LB-2-2-1.mp4&#8243; _builder_version=&#8221;4.21.0&#8243; _module_preset=&#8221;default&#8221; global_colors_info=&#8221;{}&#8221;][\/et_pb_video][et_pb_video src=&#8221;https:\/\/nouslesambitieuses.com\/wp-content\/uploads\/2024\/06\/Zoom-LB-eco-delegues-3.mp4&#8243; _builder_version=&#8221;4.21.0&#8243; _module_preset=&#8221;default&#8221; global_colors_info=&#8221;{}&#8221;][\/et_pb_video][et_pb_video src=&#8221;https:\/\/nouslesambitieuses.com\/wp-content\/uploads\/2024\/01\/ateliers-ny-classe-2_JE1i9UMR.mp4&#8243; _builder_version=&#8221;4.21.0&#8243; _module_preset=&#8221;default&#8221; global_colors_info=&#8221;{}&#8221;][\/et_pb_video][et_pb_video src=&#8221;https:\/\/nouslesambitieuses.com\/wp-content\/uploads\/2024\/01\/itw-prof-ny-concours-2_t563080y.mp4&#8243; _builder_version=&#8221;4.21.0&#8243; _module_preset=&#8221;default&#8221; global_colors_info=&#8221;{}&#8221;][\/et_pb_video][et_pb_video src=&#8221;https:\/\/nouslesambitieuses.com\/wp-content\/uploads\/2024\/06\/video-8-juin-bis.mp4&#8243; _builder_version=&#8221;4.21.0&#8243; _module_preset=&#8221;default&#8221; global_colors_info=&#8221;{}&#8221;][\/et_pb_video][et_pb_video src=&#8221;https:\/\/nouslesambitieuses.com\/wp-content\/uploads\/2024\/06\/VIDEO-8-JUIN.mp4&#8243; _builder_version=&#8221;4.21.0&#8243; _module_preset=&#8221;default&#8221; global_colors_info=&#8221;{}&#8221;][\/et_pb_video][et_pb_video src=&#8221;https:\/\/nouslesambitieuses.com\/wp-content\/uploads\/2024\/01\/bfm-cote-dazur.mp4&#8243; _builder_version=&#8221;4.21.0&#8243; _module_preset=&#8221;default&#8221; global_colors_info=&#8221;{}&#8221;][\/et_pb_video][et_pb_video src=&#8221;https:\/\/nouslesambitieuses.com\/wp-content\/uploads\/2024\/01\/Signe-shark-1.mp4&#8243; _builder_version=&#8221;4.21.0&#8243; _module_preset=&#8221;default&#8221; global_colors_info=&#8221;{}&#8221;][\/et_pb_video][et_pb_video src=&#8221;https:\/\/nouslesambitieuses.com\/wp-content\/uploads\/2024\/01\/Copie-de-2em-citoyen-Maxence-Cordin-4.mp4&#8243; _builder_version=&#8221;4.21.0&#8243; _module_preset=&#8221;default&#8221; global_colors_info=&#8221;{}&#8221;][\/et_pb_video][et_pb_video src=&#8221;https:\/\/nouslesambitieuses.com\/wp-content\/uploads\/2023\/11\/concours-Jane-Goodall-1.mp4&#8243; _builder_version=&#8221;4.21.0&#8243; _module_preset=&#8221;default&#8221; global_colors_info=&#8221;{}&#8221;][\/et_pb_video][et_pb_video src=&#8221;https:\/\/nouslesambitieuses.com\/wp-content\/uploads\/2023\/10\/concours-El-Hairy-1.mp4&#8243; _builder_version=&#8221;4.21.0&#8243; _module_preset=&#8221;default&#8221; global_colors_info=&#8221;{}&#8221;][\/et_pb_video][et_pb_video src=&#8221;https:\/\/nouslesambitieuses.com\/wp-content\/uploads\/2023\/10\/concours-Ballesta-2.mp4&#8243; _builder_version=&#8221;4.21.0&#8243; _module_preset=&#8221;default&#8221; global_colors_info=&#8221;{}&#8221;][\/et_pb_video][et_pb_image src=&#8221;https:\/\/nouslesambitieuses.com\/wp-content\/uploads\/2024\/02\/f1785f2a-d1e8-4591-9406-f43a3aebb02a.jpg&#8221; title_text=&#8221;f1785f2a-d1e8-4591-9406-f43a3aebb02a&#8221; _builder_version=&#8221;4.21.0&#8243; _module_preset=&#8221;default&#8221; global_colors_info=&#8221;{}&#8221;][\/et_pb_image][et_pb_text _builder_version=&#8221;4.16&#8243; _module_preset=&#8221;default&#8221; custom_margin=&#8221;||-28px|||&#8221; global_colors_info=&#8221;{}&#8221;]<\/p>\n<h1 style=\"text-align: center;\"><strong>Les partenaires du concours<\/strong><\/h1>\n<p>[\/et_pb_text][\/et_pb_column][\/et_pb_row][et_pb_row _builder_version=&#8221;4.21.0&#8243; _module_preset=&#8221;default&#8221; global_colors_info=&#8221;{}&#8221;][et_pb_column type=&#8221;4_4&#8243; _builder_version=&#8221;4.21.0&#8243; _module_preset=&#8221;default&#8221; global_colors_info=&#8221;{}&#8221;][\/et_pb_column][\/et_pb_row][et_pb_row _builder_version=&#8221;4.21.0&#8243; _module_preset=&#8221;default&#8221; global_colors_info=&#8221;{}&#8221;][et_pb_column type=&#8221;4_4&#8243; _builder_version=&#8221;4.21.0&#8243; _module_preset=&#8221;default&#8221; global_colors_info=&#8221;{}&#8221;][et_pb_image src=&#8221;https:\/\/nouslesambitieuses.com\/wp-content\/uploads\/2023\/09\/Capture-decran-2023-09-24-a-13.49.37.png&#8221; title_text=&#8221;Capture d\u2019e\u0301cran 2023-09-24 a\u0300 13.49.37&#8243; _builder_version=&#8221;4.21.0&#8243; _module_preset=&#8221;default&#8221; global_colors_info=&#8221;{}&#8221;][\/et_pb_image][\/et_pb_column][\/et_pb_row][\/et_pb_section][et_pb_section fb_built=&#8221;1&#8243; _builder_version=&#8221;4.16&#8243; _module_preset=&#8221;default&#8221; global_colors_info=&#8221;{}&#8221;][\/et_pb_section][et_pb_section fb_built=&#8221;1&#8243; admin_label=&#8221;Subscribe&#8221; _builder_version=&#8221;4.16&#8243; use_background_color_gradient=&#8221;on&#8221; background_color_gradient_direction=&#8221;90deg&#8221; background_color_gradient_stops=&#8221;#1A327A 0%|#D30A11 100%&#8221; background_color_gradient_start=&#8221;#1A327A&#8221; background_color_gradient_end=&#8221;#D30A11&#8243; background_image=&#8221;https:\/\/elleslesaudacieuses.com\/wp-content\/uploads\/2020\/08\/dots-2.png&#8221; custom_margin=&#8221;|||&#8221; custom_padding=&#8221;100px||100px||true&#8221; saved_tabs=&#8221;all&#8221; global_colors_info=&#8221;{}&#8221;][\/et_pb_section][et_pb_section fb_built=&#8221;1&#8243; _builder_version=&#8221;4.21.0&#8243; _module_preset=&#8221;default&#8221; global_colors_info=&#8221;{}&#8221;][et_pb_row _builder_version=&#8221;4.21.0&#8243; _module_preset=&#8221;default&#8221; global_colors_info=&#8221;{}&#8221;][et_pb_column type=&#8221;4_4&#8243; _builder_version=&#8221;4.21.0&#8243; _module_preset=&#8221;default&#8221; global_colors_info=&#8221;{}&#8221;][\/et_pb_column][\/et_pb_row][\/et_pb_section]<\/p>\n","protected":false},"excerpt":{"rendered":"<p>Mission Jeunesse 4\u00e8me \u00e9dition, concours d&#8217;\u00e9criture et de dessin Pr\u00e9servons nos Ressources, Ambitions Citoyennes et Environnementales !Nous Les Ambitieuses ! s&#8217;associent \u00e0 Zeneduc pour promouvoir le concours ! https:\/\/www.zeneduc.com\/concoursTout savoir sur le concours, d\u00e9couvrez notre dossier d&#8217;accompagnementD\u00e9couvrez notre concours via l&#8217;UNESCO<div class=\"et_pb_module dsm_perspective_image dsm_perspective_image_0\">\n\t\t\t\t\n\t\t\t\t\n\t\t\t\t\n\t\t\t\t\n\t\t\t\t\n\t\t\t\t\n\t\t\t\t<div class=\"et_pb_module_inner\">\n\t\t\t\t\t<div class=\"dsm-perspective-image-wrapper et_always_center_on_mobile\">\n\t\t\t\t\n\t\t\t\t\n\t\t\t\t<a href=\"https:\/\/nouslesambitieuses.com\/wp-content\/uploads\/2025\/04\/mission-jeunesse-dossier-2024_2025.pdf\"><span class=\"et_pb_image_wrap\"><img src=\"https:\/\/nouslesambitieuses.com\/wp-content\/uploads\/2023\/09\/mission-jeunesse-a-jour-1re-page_Page_01-scaled.jpg\" alt=\"\" title=\"mission jeunesse a\u0300 jour 1re page_Page_01\" \/><\/span><\/a>\n\t\t\t<\/div>\n\t\t\t\t<\/div>\n\t\t\t<\/div><div class=\"et_pb_module dsm_perspective_image dsm_perspective_image_1\">\n\t\t\t\t\n\t\t\t\t\n\t\t\t\t\n\t\t\t\t\n\t\t\t\t\n\t\t\t\t\n\t\t\t\t<div class=\"et_pb_module_inner\">\n\t\t\t\t\t<div class=\"dsm-perspective-image-wrapper et_always_center_on_mobile\">\n\t\t\t\t\n\t\t\t\t\n\t\t\t\t<span class=\"et_pb_image_wrap\"><img src=\"&#8221;https:\/\/nouslesambitieuses.com\/wp-content\/uploads\/2024\/10\/Capture-decran-2024-10-22-a-17.57.13.png&#8221;\" alt=\"\" \/><\/span>\n\t\t\t<\/div>\n\t\t\t\t<\/div>\n\t\t\t<\/div><\/p>\n","protected":false},"author":2,"featured_media":0,"parent":0,"menu_order":0,"comment_status":"closed","ping_status":"closed","template":"","meta":{"_et_pb_use_builder":"on","_et_pb_old_content":"<!-- wp:file {\"id\":1759,\"href\":\"https:\/\/nouslesambitieuses.com\/wp-content\/uploads\/2021\/10\/Embarquement-imme\u0301diat-32_compressed.pdf\"} -->\n<div class=\"wp-block-file\"><a href=\"https:\/\/nouslesambitieuses.com\/wp-content\/uploads\/2021\/10\/Embarquement-imme\u0301diat-32_compressed.pdf\">Embarquement imme\u0301diat-32_compressed<\/a><a href=\"https:\/\/nouslesambitieuses.com\/wp-content\/uploads\/2021\/10\/Embarquement-imme\u0301diat-32_compressed.pdf\" class=\"wp-block-file__button\" download>T\u00e9l\u00e9charger<\/a><\/div>\n<!-- \/wp:file -->","_et_gb_content_width":"","_monsterinsights_skip_tracking":false,"_monsterinsights_sitenote_active":false,"_monsterinsights_sitenote_note":"","_monsterinsights_sitenote_category":0},"_links":{"self":[{"href":"https:\/\/nouslesambitieuses.com\/index.php\/wp-json\/wp\/v2\/pages\/1761"}],"collection":[{"href":"https:\/\/nouslesambitieuses.com\/index.php\/wp-json\/wp\/v2\/pages"}],"about":[{"href":"https:\/\/nouslesambitieuses.com\/index.php\/wp-json\/wp\/v2\/types\/page"}],"author":[{"embeddable":true,"href":"https:\/\/nouslesambitieuses.com\/index.php\/wp-json\/wp\/v2\/users\/2"}],"replies":[{"embeddable":true,"href":"https:\/\/nouslesambitieuses.com\/index.php\/wp-json\/wp\/v2\/comments?post=1761"}],"version-history":[{"count":62,"href":"https:\/\/nouslesambitieuses.com\/index.php\/wp-json\/wp\/v2\/pages\/1761\/revisions"}],"predecessor-version":[{"id":3084,"href":"https:\/\/nouslesambitieuses.com\/index.php\/wp-json\/wp\/v2\/pages\/1761\/revisions\/3084"}],"wp:attachment":[{"href":"https:\/\/nouslesambitieuses.com\/index.php\/wp-json\/wp\/v2\/media?parent=1761"}],"curies":[{"name":"wp","href":"https:\/\/api.w.org\/{rel}","templated":true}]}}